{"id":2281,"date":"2026-04-08T15:40:30","date_gmt":"2026-04-08T13:40:30","guid":{"rendered":"https:\/\/e-sensia.com\/?page_id=2281"},"modified":"2026-04-08T17:03:09","modified_gmt":"2026-04-08T15:03:09","slug":"politique-de-confidentialite-des-donnees","status":"publish","type":"page","link":"https:\/\/e-sensia.com\/fr\/politique-de-confidentialite-des-donnees\/","title":{"rendered":"Politique de confidentialit\u00e9 des donn\u00e9es - Patients"},"content":{"rendered":"<style>.elementor-2281 .elementor-element.elementor-element-0bb4b98:not(.elementor-motion-effects-element-type-background), .elementor-2281 .elementor-element.elementor-element-0bb4b98 > .elementor-motion-effects-container > .elementor-motion-effects-layer{background-image:url(\"https:\/\/e-sensia.com\/wp-content\/uploads\/2025\/02\/3074187.jpg\");background-position:center center;background-repeat:no-repeat;background-size:cover;}.elementor-2281 .elementor-element.elementor-element-0bb4b98 > .elementor-background-overlay{background-color:#00142C;opacity:0.69;transition:background 0.3s, border-radius 0.3s, opacity 0.3s;}.elementor-2281 .elementor-element.elementor-element-0bb4b98{transition:background 0.3s, border 0.3s, border-radius 0.3s, box-shadow 0.3s;margin-top:0px;margin-bottom:0px;padding:100px 0px 100px 0px;}.elementor-2281 .elementor-element.elementor-element-6e11689{text-align:center;}.elementor-2281 .elementor-element.elementor-element-6e11689 .elementor-heading-title{font-family:var( --e-global-typography-secondary-font-family ), Sans-serif;font-size:var( --e-global-typography-secondary-font-size );font-weight:var( --e-global-typography-secondary-font-weight );line-height:var( --e-global-typography-secondary-line-height );color:#FFFFFF;}.elementor-2281 .elementor-element.elementor-element-fc94cbb{--display:flex;--flex-direction:column;--container-widget-width:100%;--container-widget-height:initial;--container-widget-flex-grow:0;--container-widget-align-self:initial;--flex-wrap-mobile:wrap;--padding-top:50px;--padding-bottom:50px;--padding-left:0px;--padding-right:0px;}.elementor-2281 .elementor-element.elementor-element-018b28a{color:#0A1529;}.elementor-2281 .elementor-element.elementor-element-f74b805{color:#0A1529;}.elementor-2281 .elementor-element.elementor-element-2acc2dc{color:#0A1529;}.elementor-2281 .elementor-element.elementor-element-c1fbaa5{color:#0A1529;}:root{--page-title-display:none;}@media(max-width:1024px){.elementor-2281 .elementor-element.elementor-element-0bb4b98{padding:160px 0px 80px 0px;}.elementor-2281 .elementor-element.elementor-element-6e11689 .elementor-heading-title{font-size:var( --e-global-typography-secondary-font-size );line-height:var( --e-global-typography-secondary-line-height );}}@media(max-width:767px){.elementor-2281 .elementor-element.elementor-element-6e11689 .elementor-heading-title{font-size:var( --e-global-typography-secondary-font-size );line-height:var( --e-global-typography-secondary-line-height );}}<\/style>\t\t<div data-elementor-type=\"wp-page\" data-elementor-id=\"2281\" class=\"elementor elementor-2281\" data-elementor-post-type=\"page\">\n\t\t\t\t\t\t<section class=\"elementor-section elementor-top-section elementor-element elementor-element-0bb4b98 elementor-section-boxed elementor-section-height-default elementor-section-height-default\" data-id=\"0bb4b98\" data-element_type=\"section\" data-e-type=\"section\" data-settings=\"{&quot;background_background&quot;:&quot;classic&quot;}\">\n\t\t\t\t\t\t\t<div class=\"elementor-background-overlay\"><\/div>\n\t\t\t\t\t\t\t<div class=\"elementor-container elementor-column-gap-default\">\n\t\t\t\t\t<div class=\"elementor-column elementor-col-100 elementor-top-column elementor-element elementor-element-2b81593\" data-id=\"2b81593\" data-element_type=\"column\" data-e-type=\"column\">\n\t\t\t<div class=\"elementor-widget-wrap elementor-element-populated\">\n\t\t\t\t\t\t<div class=\"elementor-element elementor-element-6e11689 elementor-widget elementor-widget-heading\" data-id=\"6e11689\" data-element_type=\"widget\" data-e-type=\"widget\" data-widget_type=\"heading.default\">\n\t\t\t\t<div class=\"elementor-widget-container\">\n\t\t\t\t\t<h2 class=\"elementor-heading-title elementor-size-default\">Politique de confidentialit\u00e9 des donn\u00e9es - Patients<\/h2>\t\t\t\t<\/div>\n\t\t\t\t<\/div>\n\t\t\t\t\t<\/div>\n\t\t<\/div>\n\t\t\t\t\t<\/div>\n\t\t<\/section>\n\t\t<div class=\"elementor-element elementor-element-fc94cbb e-flex e-con-boxed e-con e-parent\" data-id=\"fc94cbb\" data-element_type=\"container\" data-e-type=\"container\">\n\t\t\t\t\t<div class=\"e-con-inner\">\n\t\t\t\t<div class=\"elementor-element elementor-element-018b28a elementor-widget elementor-widget-text-editor\" data-id=\"018b28a\" data-element_type=\"widget\" data-e-type=\"widget\" data-widget_type=\"text-editor.default\">\n\t\t\t\t<div class=\"elementor-widget-container\">\n\t\t\t\t\t\t\t\t\t<h2 style=\"color: #0855d9;\">1. Responsable du traitement des donn\u00e9es<\/h2><p>La soci\u00e9t\u00e9 E.C.H.O. (ci-apr\u00e8s, \u00ab E-SENSIA \u00bb), dont le si\u00e8ge social est situ\u00e9 5 rue de Latran, 75005 Paris, intervient en qualit\u00e9 de responsable de traitement.<\/p><p>Dans le cadre de ses activit\u00e9s, vous \u00eates amen\u00e9 \u00e0 communiquer \u00e0 E-SENSIA des donn\u00e9es personnelles vous concernant.<\/p><p>A cet \u00e9gard, E-SENSIA s'est engag\u00e9, en qualit\u00e9 de responsable du traitement, \u00e0 ce que la collecte et le traitement de ces donn\u00e9es personnelles soient conformes au r\u00e8glement g\u00e9n\u00e9ral sur la protection des donn\u00e9es 2016\/679 (\u00ab RGPD \u00bb) et \u00e0 la Loi Informatique et libert\u00e9s du 6 janvier 1978 modifi\u00e9e (\u00ab LIL \u00bb).<\/p><p>Nous vous remercions de bien vouloir prendre connaissance de la pr\u00e9sente politique, dont l'objectif principal est de concentrer dans un document unique des informations claires, simples et pr\u00e9cises concernant les traitements de donn\u00e9es op\u00e9r\u00e9es par E-SENSIA, pour vous permettre de comprendre quelles donn\u00e9es personnelles sont collect\u00e9es, leur utilisation et les droits sur ces donn\u00e9es.<\/p><p>La pr\u00e9sente politique s'applique \u00e0 tous les patients.<\/p><h2 style=\"color: #0855d9;\">2. D\u00e9l\u00e9gu\u00e9 \u00e0 la protection des donn\u00e9es<\/h2><p>Nous vous informons que nous avons d\u00e9sign\u00e9 un d\u00e9l\u00e9gu\u00e9 \u00e0 la protection des donn\u00e9es (\u00ab DPO \u00bb), dont les coordonn\u00e9es sont les suivantes :<\/p><ul><li>e-mail : <a href=\"mailto:dpo@e-sensia.com\">dpo@e-sensia.com<\/a>.<\/li><\/ul><p><span style=\"font-weight: 400;\">Ce DPD est en charge notamment de conseiller, informer et contr\u00f4ler le respect de la r\u00e9glementation en mati\u00e8re de protection des donn\u00e9es.<\/span><\/p><h2 style=\"color: #0855d9;\">3. Principes directeurs des traitements de donn\u00e9es<\/h2><h4 style=\"color: #0855d9;\"><span style=\"color: #000000;\">3.1 Transparence<\/span><\/h4><p>Dans un souci de transparence, nous prenons soin de vous informer des traitements de donn\u00e9es qui vous concernent.<\/p><h4 style=\"color: #0855d9;\"><span style=\"color: #000000;\">3.2 Finalit\u00e9 et lic\u00e9it\u00e9<\/span><\/h4><p>Lorsque nous sommes amen\u00e9s \u00e0 traiter des donn\u00e9es, nous le faisons pour des finalit\u00e9s sp\u00e9cifiques : chaque traitement de donn\u00e9es mis en \u0153uvre poursuit une finalit\u00e9 l\u00e9gitime, d\u00e9termin\u00e9e et explicite et il est fond\u00e9 sur une base juridique (voir tableau ci-dessous).<\/p><h4 style=\"color: #0855d9;\"><span style=\"color: #000000;\">3.3 Proportionnalit\u00e9 et minimisation<\/span><\/h4><p data-start=\"1117\" data-end=\"1230\">Pour chacun des traitements de donn\u00e9es mis en \u0153uvre, nous nous engageons \u00e0 ne pas collecter et \u00e0 ne pas exploiter que des donn\u00e9es ad\u00e9quates, pertinentes et limit\u00e9es \u00e0 ce qui est n\u00e9cessaire au regard des finalit\u00e9s pour lesquelles elles sont trait\u00e9es.<\/p><h4 style=\"color: #0855d9;\"><span style=\"color: #000000;\">3.4 Exactitude<\/span><\/h4><p>Nous veillons \u00e0 ce que les donn\u00e9es soient mises \u00e0 jour, si n\u00e9cessaire, et \u00e0 mettre en \u0153uvre des proc\u00e9d\u00e9s permettant l'effacement ou la rectification des donn\u00e9es inexactes.<\/p><h2 style=\"color: #0855d9;\">4. Traitements de donn\u00e9es \u00e0 caract\u00e8re personnel par E-SENSIA en tant que responsable de traitement<\/h2><p>Pour les traitements list\u00e9s ci-dessous, les finalit\u00e9s, types de donn\u00e9es, bases l\u00e9gales et dur\u00e9es de conservation sont les suivantes :<\/p>\t\t\t\t\t\t\t\t<\/div>\n\t\t\t\t<\/div>\n\t\t\t\t<div class=\"elementor-element elementor-element-192ee1d elementor-widget elementor-widget-html\" data-id=\"192ee1d\" data-element_type=\"widget\" data-e-type=\"widget\" data-widget_type=\"html.default\">\n\t\t\t\t<div class=\"elementor-widget-container\">\n\t\t\t\t\t<div class=\"table-responsive\">\n  <table class=\"custom-table\">\n    <thead>\n      <tr>\n        <th style=\"width: 5%;\">N\u00b0<\/th>\n        <th style=\"width: 25%;\">POURQUOI VOS DONNEES A CARACTERE PERSONNEL SONT-ELLES UTILISEES ?<\/th>\n        <th style=\"width: 20%;\">QUELLES SONT LES DONNEES A CARACTERE PERSONNEL UTILISEES ?<\/th>\n        <th style=\"width: 20%;\">SUR QUELLE BASE LEGALE VOS DONNEES A CARACTERE PERSONNEL SONT-ELLES TRAITEES ?<\/th>\n        <th style=\"width: 15%;\">QUELS SONT VOS DROITS SUR CES DONNEES ?<\/th>\n        <th style=\"width: 15%;\">COMBIEN DE TEMPS VOS DONNEES SONT-ELLES CONSERVEES ?<\/th>\n      <\/tr>\n    <\/thead>\n    <tbody>\n      <tr>\n        <td>1<\/td>\n        <td>Structuration de bases de donn\u00e9es de sant\u00e9<\/td>\n        <td>\n          <ul>\n            <li>Donn\u00e9es de sant\u00e9<\/li>\n          <\/ul>\n        <\/td>\n        <td>Int\u00e9r\u00eat l\u00e9gitime de E-SENSIA (article 6.1.f du RGPD) + recherche scientifique (article 9.2.h du RGPD)<\/td>\n        <td>Acc\u00e8s<br>Rectification<br>Effacement<br>Limitation<br>Opposition<\/td>\n        <td>Dur\u00e9e n\u00e9cessaire \u00e0 la structuration de la base de donn\u00e9es du client<\/td>\n      <\/tr>\n      <tr>\n        <td>2<\/td>\n        <td>Entra\u00eenement d'algorithmes d'IA<\/td>\n        <td>\n          <ul>\n            <li>Donn\u00e9es de sant\u00e9<\/li>\n          <\/ul>\n        <\/td>\n        <td>Int\u00e9r\u00eat l\u00e9gitime de E-SENSIA (article 6.1.f du RGPD) + recherche scientifique (article 9.2.j du RGPD)<\/td>\n        <td>Acc\u00e8s<br>Rectification<br>Effacement<br>Limitation<br>Opposition<\/td>\n        <td>Dur\u00e9e du projet de d\u00e9veloppement et d'entra\u00eenement des algorithmes d'intelligence artificielle et dispositifs m\u00e9dicaux<\/td>\n      <\/tr>\n      <tr>\n        <td>3<\/td>\n        <td>Gestion d'un pr\u00e9contentieux ou d'un contentieux<\/td>\n        <td>\n          <ul>\n            <li>Donn\u00e9es li\u00e9es au contentieux ou au pr\u00e9contentieux<\/li>\n          <\/ul>\n        <\/td>\n        <td>Int\u00e9r\u00eat l\u00e9gitime de E-SENSIA (article 6.1.f du RGPD)<\/td>\n        <td>Acc\u00e8s<br>Rectification<br>Effacement<br>Limitation<br>Opposition<\/td>\n        <td>Jusqu'au r\u00e8glement amiable du litige ou, \u00e0 d\u00e9faut, d\u00e8s la prescription de l'action en justice correspondante.<\/td>\n      <\/tr>\n      <tr>\n        <td>4<\/td>\n        <td>Gestion des demandes d'exercices de droit<\/td>\n        <td>\n          <ul>\n            <li>Nom, pr\u00e9nom, courriel<\/li>\n          <\/ul>\n        <\/td>\n        <td>Obligation l\u00e9gale de E-SENSIA (article 6.1.c du RGPD)<\/td>\n        <td>Acc\u00e8s<br>Rectification<br>Limitation<\/td>\n        <td>3 ans \u00e0 partir de la r\u00e9ponse \u00e0 la demande d'exercice de droit<\/td>\n      <\/tr>\n    <\/tbody>\n  <\/table>\n<\/div>\t\t\t\t<\/div>\n\t\t\t\t<\/div>\n\t\t\t\t<div class=\"elementor-element elementor-element-f74b805 elementor-widget elementor-widget-text-editor\" data-id=\"f74b805\" data-element_type=\"widget\" data-e-type=\"widget\" data-widget_type=\"text-editor.default\">\n\t\t\t\t<div class=\"elementor-widget-container\">\n\t\t\t\t\t\t\t\t\t<h2 style=\"color: #0855d9;\">5. Destinataires des donn\u00e9es<\/h2><p>Pour atteindre les finalit\u00e9s d\u00e9crites ci-dessus et dans les limites n\u00e9cessaires \u00e0 la poursuite de ces finalit\u00e9s, les donn\u00e9es collect\u00e9es par E-SENSIA pourront \u00eatre transmises \u00e0 tout ou partie des destinataires suivants :<\/p>\t\t\t\t\t\t\t\t<\/div>\n\t\t\t\t<\/div>\n\t\t\t\t<div class=\"elementor-element elementor-element-b702e3f elementor-widget elementor-widget-html\" data-id=\"b702e3f\" data-element_type=\"widget\" data-e-type=\"widget\" data-widget_type=\"html.default\">\n\t\t\t\t<div class=\"elementor-widget-container\">\n\t\t\t\t\t<div class=\"table-responsive\">\n  <table class=\"custom-table\">\n    <thead>\n      <tr>\n        <th style=\"width: 50%;\">Stagiaires<\/th>\n        <th style=\"width: 50%;\">Externes<\/th>\n      <\/tr>\n    <\/thead>\n    <tbody>\n      <tr>\n        <td>\n          <p><strong>Le personnel autoris\u00e9 d'E-SENSIA :<\/strong><\/p>\n          <ul>\n            <li>Direction<\/li>\n            <li>Employ\u00e9s<\/li>\n            <li>D\u00e9l\u00e9gu\u00e9 \u00e0 la protection des donn\u00e9es (\u00ab DPO \u00bb)<\/li>\n            <li>Personnel administratif ou technique<\/li>\n          <\/ul>\n          <p><em>Soumis \u00e0 une obligation de confidentialit\u00e9, et uniquement dans le cadre de leurs fonctions.<\/em><\/p>\n        <\/td>\n        <td>\n          <ul>\n            <li>Les prestataires techniques d'E-SENSIA soumis \u00e0 confidentialit\u00e9 (h\u00e9bergeurs, maintenance, etc.).<\/li>\n            <li>Les autorit\u00e9s administratives ou judiciaires le cas \u00e9ch\u00e9ant (uniquement dans l'hypoth\u00e8se d'une demande expresse et motiv\u00e9e de leur part en cas d'infraction av\u00e9r\u00e9e \u00e0 des dispositions l\u00e9gales ou r\u00e9glementaires).<\/li>\n          <\/ul>\n        <\/td>\n      <\/tr>\n    <\/tbody>\n  <\/table>\n<\/div>\t\t\t\t<\/div>\n\t\t\t\t<\/div>\n\t\t\t\t<div class=\"elementor-element elementor-element-2acc2dc elementor-widget elementor-widget-text-editor\" data-id=\"2acc2dc\" data-element_type=\"widget\" data-e-type=\"widget\" data-widget_type=\"text-editor.default\">\n\t\t\t\t<div class=\"elementor-widget-container\">\n\t\t\t\t\t\t\t\t\t<h2 style=\"color: #0855d9;\">6. Que fait E-SENSIA quand elle agit comme sous-traitant ?<\/h2><p>Lorsque E-SENSIA agit en tant que sous-traitant, elle traite des donn\u00e9es personnelles uniquement pour le compte et selon les instructions de ses clients, qui agissent en qualit\u00e9 de responsables de traitement.<\/p><p>Les finalit\u00e9s des traitements, les bases l\u00e9gales applicables ainsi que les dur\u00e9es de conservation sont d\u00e9termin\u00e9es par ces responsables de traitement.<\/p><p><span style=\"font-weight: 400;\">La pr\u00e9sente section vise \u00e0 d\u00e9crire, de mani\u00e8re g\u00e9n\u00e9rale, les cat\u00e9gories de traitements susceptibles d'\u00eatre r\u00e9alis\u00e9s par E-SENSIA pour le compte de ses clients.<\/span><\/p>\t\t\t\t\t\t\t\t<\/div>\n\t\t\t\t<\/div>\n\t\t\t\t<div class=\"elementor-element elementor-element-3020d36 elementor-widget elementor-widget-html\" data-id=\"3020d36\" data-element_type=\"widget\" data-e-type=\"widget\" data-widget_type=\"html.default\">\n\t\t\t\t<div class=\"elementor-widget-container\">\n\t\t\t\t\t<div class=\"table-responsive\">\n  <table class=\"custom-table\">\n    <thead>\n      <tr>\n        <th style=\"width: 40%;\">POURQUOI VOS DONNEES A CARACTERE PERSONNEL SONT-ELLES UTILISEES ?<\/th>\n        <th style=\"width: 60%;\">QUELLES SONT LES DONNEES A CARACTERE PERSONNEL UTILISEES ?<\/th>\n      <\/tr>\n    <\/thead>\n    <tbody>\n      <tr>\n        <td>Dans le cadre de l'aide \u00e0 la r\u00e9gulation m\u00e9dicale, r\u00e9alisation de prestations de mise en qualit\u00e9, structuration et fonctionnement des outils d'E-SENSIA pour le compte de responsables de traitement (outil de callbot, outil d'assistant \u00e0 la r\u00e9gulation)<\/td>\n        <td>\n          <p><strong>Patients appelants :<\/strong><\/p>\n          <ul>\n            <li>Etat civil, identit\u00e9, donn\u00e9es d'identification : genre, nom, pr\u00e9nom, date de naissance<\/li>\n            <li>Vie personnelle : habitudes de vie, situation familiale<\/li>\n            <li>Donn\u00e9es de contact : adresse postale compl\u00e8te, num\u00e9ro de t\u00e9l\u00e9phone<\/li>\n            <li>Donn\u00e9es de sant\u00e9 \u00e0 caract\u00e8re personnel des personnes concern\u00e9es : tout type de donn\u00e9e de sant\u00e9<\/li>\n            <li>Autres, pr\u00e9ciser : voix et m\u00e9tadonn\u00e9es associ\u00e9es<\/li>\n          <\/ul>\n          <br>\n          <p><strong>Professionnels de sant\u00e9 :<\/strong><\/p>\n          <ul>\n            <li>Etat civil, identit\u00e9, donn\u00e9es d'identification : genre, nom, pr\u00e9nom ;<\/li>\n            <li>Vie professionnelle : adresse postale, num\u00e9ro de t\u00e9l\u00e9phone ;<\/li>\n            <li>Autres, pr\u00e9ciser : voix<\/li>\n          <\/ul>\n        <\/td>\n      <\/tr>\n    <\/tbody>\n  <\/table>\n<\/div>\t\t\t\t<\/div>\n\t\t\t\t<\/div>\n\t\t\t\t<div class=\"elementor-element elementor-element-c1fbaa5 elementor-widget elementor-widget-text-editor\" data-id=\"c1fbaa5\" data-element_type=\"widget\" data-e-type=\"widget\" data-widget_type=\"text-editor.default\">\n\t\t\t\t<div class=\"elementor-widget-container\">\n\t\t\t\t\t\t\t\t\t<h2 style=\"color: #0855d9;\">7. Sous-traitants de E-SENSIA<\/h2><p>E-SENSIA choisit des sous-traitants ou des prestataires qui pr\u00e9sentent des garanties en termes de qualit\u00e9, de s\u00e9curit\u00e9, de fiabilit\u00e9 et de ressources pour assurer la mise en \u0153uvre de mesures techniques et organisationnelles y compris en mati\u00e8re de s\u00e9curit\u00e9 des traitements. Les sous-traitants et les prestataires s'engagent \u00e0 respecter des niveaux de confidentialit\u00e9 au moins identiques \u00e0 ceux de E-SENSIA.<\/p><p>Les contrats entre E-SENSIA et ses sous-traitants de donn\u00e9es personnelles sont mis en \u0153uvre selon la politique de sous-traitance d\u00e9finie par la soci\u00e9t\u00e9 en accord avec son DPO.<\/p><p>Les donn\u00e9es \u00e0 caract\u00e8re personnel confi\u00e9es \u00e0 nos sous-traitants sont trait\u00e9es en accord avec les clauses contractuelles types (\u00ab CCT \u00bb) de la commission europ\u00e9enne ins\u00e9r\u00e9es dans les contrats de sous-traitance et conforme \u00e0 l'article 28 du RGPD.<\/p><p>E-SENSIA dispose d'un droit d'audit de la conformit\u00e9 de ses sous-traitants mis en \u0153uvre selon sa proc\u00e9dure d'audit des sous-traitants.<\/p><h2 style=\"color: #0855d9;\">8. Vos droits sur les donn\u00e9es<\/h2><h4 style=\"color: #0855d9;\"><span style=\"color: #000000;\">8.1 Descriptif de vos droits<\/span><\/h4><p>Nous sommes particuli\u00e8rement soucieux du respect des droits qui vous sont accord\u00e9s dans le cadre des traitements de donn\u00e9es \u00e0 caract\u00e8re personnel que nous mettons en \u0153uvre, pour vous garantir des traitements \u00e9quitables et transparents compte tenu des circonstances particuli\u00e8res et du contexte dans lesquels vos donn\u00e9es personnelles sont trait\u00e9es.<\/p><p>En fonction de la base l\u00e9gale choisie, vous disposez des droits suivants pour la protection de vos donn\u00e9es \u00e0 caract\u00e8res personnel : droit d'information, d'acc\u00e8s, de rectification, d'effacement, de limitation, d'opposition, de portabilit\u00e9, de retirer votre consentement, d'introduire un recours et de d\u00e9finir des directives post-mortem. Leurs conditions d'exercice sont d\u00e9taill\u00e9es ci-apr\u00e8s.<\/p><h4 style=\"color: #0855d9;\"><span style=\"color: #000000;\">8.1.1 Droit d'acc\u00e8s<\/span><\/h4><p>Vous avez le droit d'obtenir la confirmation que vos donn\u00e9es personnelles sont ou ne sont pas trait\u00e9es et lorsqu'elles le sont, vous disposez du droit de demander une copie de vos donn\u00e9es et de certaines informations relatives au traitement de vos donn\u00e9es.<\/p><h4><span style=\"color: #000000;\">8.1.2 Droit de rectification de vos donn\u00e9es<\/span><\/h4><p>Vous avez le droit de nous demander que vos donn\u00e9es \u00e0 caract\u00e8re personnel soient, selon les cas, rectifi\u00e9es, compl\u00e9t\u00e9es si elles sont inexactes, incompl\u00e8tes, \u00e9quivoques ou p\u00e9rim\u00e9es.<\/p><h4 style=\"color: #0855d9;\"><span style=\"color: #000000;\">8.1.3 Droit \u00e0 l'effacement de vos donn\u00e9es<\/span><\/h4><p>Vous pouvez nous demander l'effacement de vos donn\u00e9es \u00e0 caract\u00e8re personnel dans les cas pr\u00e9vus par la l\u00e9gislation et la r\u00e9glementation, sauf si elles sont n\u00e9cessaires pour respecter les obligations l\u00e9gales d'E-SENSIA, ou constater ou exercer vos droits.<\/p><h4 style=\"color: #0855d9;\"><span style=\"color: #000000;\">8.1.4 Droit \u00e0 la limitation des traitements de vos donn\u00e9es<\/span><\/h4><p>Vous pouvez demander la limitation du traitement de vos donn\u00e9es \u00e0 caract\u00e8re personnel dans les cas pr\u00e9vus par la l\u00e9gislation et la r\u00e9glementation.<\/p><h4 style=\"color: #0855d9;\"><span style=\"color: #000000;\">8.1.5 Droit de vous opposer aux traitements de vos donn\u00e9es<\/span><\/h4><p><span style=\"font-weight: 400;\">Vous disposez du droit de vous opposer \u00e0 tout moment, pour des raisons tenant \u00e0 votre situation particuli\u00e8re, \u00e0 un traitement de vos donn\u00e9es \u00e0 caract\u00e8re personnel dont la base juridique est l'int\u00e9r\u00eat l\u00e9gitime poursuivi par le responsable du traitement.<\/span><\/p><p>En cas d'exercice d'un tel droit d'opposition, nous veillons \u00e0 ne plus traiter vos donn\u00e9es \u00e0 caract\u00e8re personnel dans le cadre du traitement concern\u00e9 sauf si nous pouvons d\u00e9montrer que nous pouvons avoir des motifs l\u00e9gitimes et imp\u00e9rieux pour maintenir ce traitement. Ces motifs devront \u00eatre sup\u00e9rieurs \u00e0 vos int\u00e9r\u00eats et \u00e0 vos droits et libert\u00e9s, ou le traitement devra se justifier par la constatation, l'exercice ou la d\u00e9fense de droits en justice.\u00a0<\/p><h4 style=\"color: #0855d9;\"><span style=\"color: #000000;\">8.1.6 Droit de vous opposer aux traitements de vos donn\u00e9es<\/span><\/h4><p>Vous disposez du droit \u00e0 la portabilit\u00e9 de vos donn\u00e9es \u00e0 caract\u00e8re personnel. Nous attirons votre attention sur le fait qu'il ne s'agit pas d'un droit g\u00e9n\u00e9ral. En effet, toutes les donn\u00e9es de tous les traitements ne sont pas portables et ce droit ne concerne que les traitements automatis\u00e9s \u00e0 l'exclusion des traitements manuels ou papiers.<\/p><p>Ce droit est en outre limit\u00e9 aux traitements dont la base juridique est votre consentement ou l'ex\u00e9cution des mesures pr\u00e9contractuelles ou d'un contrat.<\/p><h4 style=\"color: #0855d9;\"><span style=\"color: #000000;\">8.1.7 Votre droit d'introduire un recours<\/span><\/h4><p>Vous avez le droit d'introduire une r\u00e9clamation aupr\u00e8s de la Cnil (3 place de Fontenoy 75007 Paris) sur le territoire fran\u00e7ais et ce sans pr\u00e9judice de tout autre recours administratif ou juridictionnel.<\/p><h4 style=\"color: #0855d9;\"><span style=\"color: #000000;\">8.1.8 Votre droit de d\u00e9finir des directives post-mortem<\/span><\/h4><p>Vous avez la possibilit\u00e9 de d\u00e9finir des directives particuli\u00e8res relatives \u00e0 la conservation, \u00e0 l'effacement et \u00e0 la communication de vos donn\u00e9es \u00e0 caract\u00e8re personnel apr\u00e8s votre d\u00e9c\u00e8s aupr\u00e8s de nos services selon les modalit\u00e9s ci-apr\u00e8s d\u00e9finies.<\/p><p>Ces directives particuli\u00e8res ne concerneront que les traitements que nous mettons en \u0153uvre et seront limit\u00e9es \u00e0 ce seul p\u00e9rim\u00e8tre.<\/p><h4 style=\"color: #0855d9;\"><span style=\"color: #000000;\">8.2 Modalit\u00e9s d'exercice de vos droits<\/span><\/h4><p>Tous les droits \u00e9num\u00e9r\u00e9s ci-avant peuvent \u00eatre exerc\u00e9s \u00e0 l'adresse \u00e9lectronique suivante :<\/p><ul><li>e-mail : <a href=\"mailto:dpo@e-sensia.com\">dpo@e-sensia.com.<\/a><\/li><\/ul><h2 style=\"color: #0855d9;\">9. S\u00e9curit\u00e9 des donn\u00e9es<\/h2><p>E-SENSIA prend en compte la nature des donn\u00e9es personnelles et les risques que pr\u00e9sentent les traitements, pour mettre en place les mesures techniques, physiques et organisationnelles appropri\u00e9es visant \u00e0 pr\u00e9server la s\u00e9curit\u00e9 et la confidentialit\u00e9 des donn\u00e9es personnelles et \u00e0 emp\u00eacher qu'elles ne soient d\u00e9form\u00e9es, endommag\u00e9es ou que des tiers non autoris\u00e9s y aient acc\u00e8s.<\/p><p>E-SENSIA garantit par ailleurs que les membres de son personnel et toute autre personne amen\u00e9e \u00e0 traiter les donn\u00e9es personnelles vous concernant respectent les r\u00e8gles et proc\u00e9dures internes applicables en la mati\u00e8re et notamment les mesures de s\u00e9curit\u00e9 techniques et organisationnelles mises en place pour prot\u00e9ger vos donn\u00e9es personnelles.<\/p><p>Conform\u00e9ment \u00e0 la r\u00e9glementation applicable, vos donn\u00e9es de sant\u00e9 sont h\u00e9berg\u00e9es aupr\u00e8s d'un prestataire certifi\u00e9 H\u00e9bergement de donn\u00e9es de sant\u00e9 (HDS), garantissant un niveau \u00e9lev\u00e9 de protection et de s\u00e9curit\u00e9.<\/p><p>En cas de violation de donn\u00e9es personnelles, E-SENSIA vous informera ainsi que l'autorit\u00e9 de protection des donn\u00e9es personnelles comp\u00e9tente si les conditions requises par la r\u00e9glementation relative \u00e0 la protection des donn\u00e9es personnelles sont r\u00e9unies.<\/p><div><h2 style=\"color: #0855d9;\">10. Flux transfronti\u00e8res de donn\u00e9es<\/h2><\/div><p>Les diff\u00e9rentes cat\u00e9gories de donn\u00e9es collect\u00e9es et trait\u00e9es ne peuvent pas \u00eatre transmises \u00e0 des prestataires situ\u00e9s dans des pays hors de l'Union europ\u00e9enne.<\/p><div><h2 style=\"color: #0855d9;\">11. L'\u00e9volution<\/h2><p>La pr\u00e9sente politique pourra \u00e9voluer en fonction du contexte l\u00e9gal et r\u00e9glementaire et de la doctrine de la Cnil. Par cons\u00e9quent, nous vous recommandons de la consulter r\u00e9guli\u00e8rement.<\/p><h2 style=\"color: #0855d9;\">12. Entr\u00e9e en vigueur<\/h2><p>La pr\u00e9sente politique entre en vigueur \u00e0 la date de sa mise en ligne. Il en est de m\u00eame des modifications.<\/p><\/div>\t\t\t\t\t\t\t\t<\/div>\n\t\t\t\t<\/div>\n\t\t\t\t<div class=\"elementor-element elementor-element-3ba8ef8 elementor-widget elementor-widget-html\" data-id=\"3ba8ef8\" data-element_type=\"widget\" data-e-type=\"widget\" data-widget_type=\"html.default\">\n\t\t\t\t<div class=\"elementor-widget-container\">\n\t\t\t\t\t<div class=\"table-responsive\">\n  <table class=\"custom-table\">\n    <thead>\n      <tr>\n        <th style=\"width: 10%;\">N\u00b0<\/th>\n        <th style=\"width: 15%;\">VERSION<\/th>\n        <th style=\"width: 25%;\">NOM PR\u00c9NOM<\/th>\n        <th style=\"width: 30%;\">DESCRIPTION<\/th>\n        <th style=\"width: 20%;\">DATE<\/th>\n      <\/tr>\n    <\/thead>\n    <tbody>\n      <tr>\n        <td>1.<\/td>\n        <td>1.1<\/td>\n        <td>C\u00e9dric Thomas<\/td>\n        <td>R\u00e9vision initiale<\/td>\n        <td>Mercredi 8 avril<\/td>\n      <\/tr>\n    <\/tbody>\n  <\/table>\n<\/div>\t\t\t\t<\/div>\n\t\t\t\t<\/div>\n\t\t\t\t\t<\/div>\n\t\t\t\t<\/div>\n\t\t\t\t<\/div>","protected":false},"excerpt":{"rendered":"<p>Politique de confidentialit\u00e9 des donn\u00e9es \u2013 Patients 1. Responsable du traitement des donn\u00e9es La soci\u00e9t\u00e9 E.C.H.O. (ci-apr\u00e8s, \u00ab E-SENSIA \u00bb), dont le si\u00e8ge social est situ\u00e9 5 rue de Latran, 75005 Paris, intervient en qualit\u00e9 de responsable de traitement. Dans le cadre de ses activit\u00e9s, vous \u00eates amen\u00e9 \u00e0 communiquer \u00e0 E-SENSIA des donn\u00e9es personnelles [&hellip;]<\/p>\n","protected":false},"author":1,"featured_media":0,"parent":0,"menu_order":0,"comment_status":"closed","ping_status":"open","template":"","meta":{"_acf_changed":false,"footnotes":""},"class_list":["post-2281","page","type-page","status-publish","hentry"],"acf":[],"yoast_head":"<!-- This site is optimized with the Yoast SEO plugin v27.4 - https:\/\/yoast.com\/product\/yoast-seo-wordpress\/ -->\n<title>Politique de confidentialit\u00e9 des donn\u00e9es \u2013 Patients - e-sensia<\/title>\n<meta name=\"robots\" content=\"index, follow, max-snippet:-1, max-image-preview:large, max-video-preview:-1\" \/>\n<link rel=\"canonical\" href=\"https:\/\/e-sensia.com\/fr\/politique-de-confidentialite-des-donnees\/\" \/>\n<meta property=\"og:locale\" content=\"fr_FR\" \/>\n<meta property=\"og:type\" content=\"article\" \/>\n<meta property=\"og:title\" content=\"Politique de confidentialit\u00e9 des donn\u00e9es \u2013 Patients - e-sensia\" \/>\n<meta property=\"og:description\" content=\"Politique de confidentialit\u00e9 des donn\u00e9es \u2013 Patients 1. Responsable du traitement des donn\u00e9es La soci\u00e9t\u00e9 E.C.H.O. (ci-apr\u00e8s, \u00ab E-SENSIA \u00bb), dont le si\u00e8ge social est situ\u00e9 5 rue de Latran, 75005 Paris, intervient en qualit\u00e9 de responsable de traitement. Dans le cadre de ses activit\u00e9s, vous \u00eates amen\u00e9 \u00e0 communiquer \u00e0 E-SENSIA des donn\u00e9es personnelles [&hellip;]\" \/>\n<meta property=\"og:url\" content=\"https:\/\/e-sensia.com\/fr\/politique-de-confidentialite-des-donnees\/\" \/>\n<meta property=\"og:site_name\" content=\"e-sensia\" \/>\n<meta property=\"article:modified_time\" content=\"2026-04-08T15:03:09+00:00\" \/>\n<meta name=\"twitter:card\" content=\"summary_large_image\" \/>\n<meta name=\"twitter:label1\" content=\"Dur\u00e9e de lecture estim\u00e9e\" \/>\n\t<meta name=\"twitter:data1\" content=\"9 minutes\" \/>\n<script type=\"application\/ld+json\" class=\"yoast-schema-graph\">{\"@context\":\"https:\\\/\\\/schema.org\",\"@graph\":[{\"@type\":\"WebPage\",\"@id\":\"https:\\\/\\\/e-sensia.com\\\/fr\\\/politique-de-confidentialite-des-donnees\\\/\",\"url\":\"https:\\\/\\\/e-sensia.com\\\/fr\\\/politique-de-confidentialite-des-donnees\\\/\",\"name\":\"Politique de confidentialit\u00e9 des donn\u00e9es \u2013 Patients - e-sensia\",\"isPartOf\":{\"@id\":\"https:\\\/\\\/e-sensia.com\\\/#website\"},\"datePublished\":\"2026-04-08T13:40:30+00:00\",\"dateModified\":\"2026-04-08T15:03:09+00:00\",\"breadcrumb\":{\"@id\":\"https:\\\/\\\/e-sensia.com\\\/fr\\\/politique-de-confidentialite-des-donnees\\\/#breadcrumb\"},\"inLanguage\":\"fr-FR\",\"potentialAction\":[{\"@type\":\"ReadAction\",\"target\":[\"https:\\\/\\\/e-sensia.com\\\/fr\\\/politique-de-confidentialite-des-donnees\\\/\"]}]},{\"@type\":\"BreadcrumbList\",\"@id\":\"https:\\\/\\\/e-sensia.com\\\/fr\\\/politique-de-confidentialite-des-donnees\\\/#breadcrumb\",\"itemListElement\":[{\"@type\":\"ListItem\",\"position\":1,\"name\":\"Home\",\"item\":\"https:\\\/\\\/e-sensia.com\\\/\"},{\"@type\":\"ListItem\",\"position\":2,\"name\":\"Politique de confidentialit\u00e9 des donn\u00e9es \u2013 Patients\"}]},{\"@type\":\"WebSite\",\"@id\":\"https:\\\/\\\/e-sensia.com\\\/#website\",\"url\":\"https:\\\/\\\/e-sensia.com\\\/\",\"name\":\"e-sensia\",\"description\":\"Voice-based automated assistance, powered by AI\",\"publisher\":{\"@id\":\"https:\\\/\\\/e-sensia.com\\\/#organization\"},\"potentialAction\":[{\"@type\":\"SearchAction\",\"target\":{\"@type\":\"EntryPoint\",\"urlTemplate\":\"https:\\\/\\\/e-sensia.com\\\/?s={search_term_string}\"},\"query-input\":{\"@type\":\"PropertyValueSpecification\",\"valueRequired\":true,\"valueName\":\"search_term_string\"}}],\"inLanguage\":\"fr-FR\"},{\"@type\":\"Organization\",\"@id\":\"https:\\\/\\\/e-sensia.com\\\/#organization\",\"name\":\"e-sensia\",\"url\":\"https:\\\/\\\/e-sensia.com\\\/\",\"logo\":{\"@type\":\"ImageObject\",\"inLanguage\":\"fr-FR\",\"@id\":\"https:\\\/\\\/e-sensia.com\\\/#\\\/schema\\\/logo\\\/image\\\/\",\"url\":\"https:\\\/\\\/e-sensia.com\\\/wp-content\\\/uploads\\\/2025\\\/02\\\/logo-theme-clair.png\",\"contentUrl\":\"https:\\\/\\\/e-sensia.com\\\/wp-content\\\/uploads\\\/2025\\\/02\\\/logo-theme-clair.png\",\"width\":314,\"height\":115,\"caption\":\"e-sensia\"},\"image\":{\"@id\":\"https:\\\/\\\/e-sensia.com\\\/#\\\/schema\\\/logo\\\/image\\\/\"},\"sameAs\":[\"https:\\\/\\\/www.linkedin.com\\\/company\\\/e-sensia\\\/\"]}]}<\/script>\n<!-- \/ Yoast SEO plugin. -->","yoast_head_json":{"title":"Politique de confidentialit\u00e9 des donn\u00e9es \u2013 Patients - e-sensia","robots":{"index":"index","follow":"follow","max-snippet":"max-snippet:-1","max-image-preview":"max-image-preview:large","max-video-preview":"max-video-preview:-1"},"canonical":"https:\/\/e-sensia.com\/fr\/politique-de-confidentialite-des-donnees\/","og_locale":"fr_FR","og_type":"article","og_title":"Politique de confidentialit\u00e9 des donn\u00e9es \u2013 Patients - e-sensia","og_description":"Politique de confidentialit\u00e9 des donn\u00e9es \u2013 Patients 1. Responsable du traitement des donn\u00e9es La soci\u00e9t\u00e9 E.C.H.O. (ci-apr\u00e8s, \u00ab E-SENSIA \u00bb), dont le si\u00e8ge social est situ\u00e9 5 rue de Latran, 75005 Paris, intervient en qualit\u00e9 de responsable de traitement. Dans le cadre de ses activit\u00e9s, vous \u00eates amen\u00e9 \u00e0 communiquer \u00e0 E-SENSIA des donn\u00e9es personnelles [&hellip;]","og_url":"https:\/\/e-sensia.com\/fr\/politique-de-confidentialite-des-donnees\/","og_site_name":"e-sensia","article_modified_time":"2026-04-08T15:03:09+00:00","twitter_card":"summary_large_image","twitter_misc":{"Dur\u00e9e de lecture estim\u00e9e":"9 minutes"},"schema":{"@context":"https:\/\/schema.org","@graph":[{"@type":"WebPage","@id":"https:\/\/e-sensia.com\/fr\/politique-de-confidentialite-des-donnees\/","url":"https:\/\/e-sensia.com\/fr\/politique-de-confidentialite-des-donnees\/","name":"Politique de confidentialit\u00e9 des donn\u00e9es \u2013 Patients - e-sensia","isPartOf":{"@id":"https:\/\/e-sensia.com\/#website"},"datePublished":"2026-04-08T13:40:30+00:00","dateModified":"2026-04-08T15:03:09+00:00","breadcrumb":{"@id":"https:\/\/e-sensia.com\/fr\/politique-de-confidentialite-des-donnees\/#breadcrumb"},"inLanguage":"fr-FR","potentialAction":[{"@type":"ReadAction","target":["https:\/\/e-sensia.com\/fr\/politique-de-confidentialite-des-donnees\/"]}]},{"@type":"BreadcrumbList","@id":"https:\/\/e-sensia.com\/fr\/politique-de-confidentialite-des-donnees\/#breadcrumb","itemListElement":[{"@type":"ListItem","position":1,"name":"Home","item":"https:\/\/e-sensia.com\/"},{"@type":"ListItem","position":2,"name":"Politique de confidentialit\u00e9 des donn\u00e9es \u2013 Patients"}]},{"@type":"WebSite","@id":"https:\/\/e-sensia.com\/#website","url":"https:\/\/e-sensia.com\/","name":"e-sensia","description":"Assistance automatis\u00e9e bas\u00e9e sur la voix, aliment\u00e9e par l'IA","publisher":{"@id":"https:\/\/e-sensia.com\/#organization"},"potentialAction":[{"@type":"SearchAction","target":{"@type":"EntryPoint","urlTemplate":"https:\/\/e-sensia.com\/?s={search_term_string}"},"query-input":{"@type":"PropertyValueSpecification","valueRequired":true,"valueName":"search_term_string"}}],"inLanguage":"fr-FR"},{"@type":"Organization","@id":"https:\/\/e-sensia.com\/#organization","name":"e-sensia","url":"https:\/\/e-sensia.com\/","logo":{"@type":"ImageObject","inLanguage":"fr-FR","@id":"https:\/\/e-sensia.com\/#\/schema\/logo\/image\/","url":"https:\/\/e-sensia.com\/wp-content\/uploads\/2025\/02\/logo-theme-clair.png","contentUrl":"https:\/\/e-sensia.com\/wp-content\/uploads\/2025\/02\/logo-theme-clair.png","width":314,"height":115,"caption":"e-sensia"},"image":{"@id":"https:\/\/e-sensia.com\/#\/schema\/logo\/image\/"},"sameAs":["https:\/\/www.linkedin.com\/company\/e-sensia\/"]}]}},"_links":{"self":[{"href":"https:\/\/e-sensia.com\/fr\/wp-json\/wp\/v2\/pages\/2281","targetHints":{"allow":["GET"]}}],"collection":[{"href":"https:\/\/e-sensia.com\/fr\/wp-json\/wp\/v2\/pages"}],"about":[{"href":"https:\/\/e-sensia.com\/fr\/wp-json\/wp\/v2\/types\/page"}],"author":[{"embeddable":true,"href":"https:\/\/e-sensia.com\/fr\/wp-json\/wp\/v2\/users\/1"}],"replies":[{"embeddable":true,"href":"https:\/\/e-sensia.com\/fr\/wp-json\/wp\/v2\/comments?post=2281"}],"version-history":[{"count":27,"href":"https:\/\/e-sensia.com\/fr\/wp-json\/wp\/v2\/pages\/2281\/revisions"}],"predecessor-version":[{"id":2336,"href":"https:\/\/e-sensia.com\/fr\/wp-json\/wp\/v2\/pages\/2281\/revisions\/2336"}],"wp:attachment":[{"href":"https:\/\/e-sensia.com\/fr\/wp-json\/wp\/v2\/media?parent=2281"}],"curies":[{"name":"wp","href":"https:\/\/api.w.org\/{rel}","templated":true}]}}